{"id":3,"date":"2024-11-07T15:01:18","date_gmt":"2024-11-07T15:01:18","guid":{"rendered":"http:\/\/birikimtesvik.com\/?page_id=3"},"modified":"2025-03-08T19:08:18","modified_gmt":"2025-03-08T19:08:18","slug":"privacy-policy","status":"publish","type":"page","link":"https:\/\/birikimtesvik.com\/index.php\/privacy-policy\/","title":{"rendered":"KVKK Ayd\u0131nlatma Metni ve \u00c7erezler"},"content":{"rendered":"\t\t<div data-elementor-type=\"wp-page\" data-elementor-id=\"3\" class=\"elementor elementor-3\" data-elementor-post-type=\"page\">\n\t\t\t\t<div class=\"elementor-element elementor-element-69ec1f55 e-flex e-con-boxed e-con e-parent\" data-id=\"69ec1f55\" data-element_type=\"container\" data-e-type=\"container\">\n\t\t\t\t\t<div class=\"e-con-inner\">\n\t\t\t\t<div class=\"elementor-element elementor-element-79cce383 elementor-widget elementor-widget-text-editor\" data-id=\"79cce383\" data-element_type=\"widget\" data-e-type=\"widget\" data-widget_type=\"text-editor.default\">\n\t\t\t\t<div class=\"elementor-widget-container\">\n\t\t\t\t\t\t\t\t\t<p><\/p>\n<h1 class=\"wp-block-heading\" style=\"margin: 0px 0px 0.5rem; padding: 0px; outline: none; list-style: none; font-weight: 600; line-height: 1.3; color: #113554; font-family: Poppins, sans-serif; font-size: 55px !important;\"><span style=\"color: #696969; font-size: 16px; font-weight: bolder; font-family: inherit; font-style: var( --e-global-typography-text-font-style ); letter-spacing: var( --e-global-typography-text-letter-spacing ); text-transform: var( --e-global-typography-text-text-transform ); text-align: var(--text-align); background-color: var( --e-global-color-c696dce );\">Site Kullan\u0131m Ko\u015fullar\u0131: Sevgili ziyaret\u00e7imiz, l\u00fctfen www.birikimtesvik.com web sitemizi ziyaret etmeden \u00f6nce i\u015fbu ayd\u0131nlatma metni, \u00e7erez kullan\u0131m\u0131 ve gizlilik bilgilendirmesini dikkatlice okuyunuz. Siteye eri\u015fiminiz tamamen bu ko\u015fullar\u0131 kabul\u00fcn\u00fcze ve belirlenen \u015fartlara uyman\u0131za ba\u011fl\u0131d\u0131r. \u015eayet burada yazan herhangi bir ko\u015fulu kabul etmiyorsan\u0131z, l\u00fctfen siteye eri\u015fiminizi sonland\u0131r\u0131n\u0131z. Siteye eri\u015fiminizi s\u00fcrd\u00fcrd\u00fc\u011f\u00fcn\u00fcz takdirde, ko\u015fulsuz ve k\u0131s\u0131tlamas\u0131z olarak, i\u015fbu s\u00f6zle\u015fme metninin tamam\u0131n\u0131 kabul etti\u011finizin, taraf\u0131m\u0131zca varsay\u0131laca\u011f\u0131n\u0131 l\u00fctfen unutmay\u0131n\u0131z.<\/span><\/h1>\n<p><br \/><\/p>\n<h2 class=\"wp-block-heading\"><span style=\"font-weight: bolder; color: #113554; font-size: 18px; text-align: var(--text-align); background-color: var( --e-global-color-c696dce );\">K\u0130\u015e\u0130SEL VER\u0130LER\u0130N KORUNMASI AYDINLATMA METN\u0130 VE \u00c7EREZLER<\/span><\/h2>\n<div><span style=\"margin: 0px; padding: 0px; outline: none; list-style: none; font-weight: bolder; color: #696969;\">I. Ki\u015fisel Verilerin \u0130\u015flenmesine \u0130li\u015fkin Ayd\u0131nlatma Metni<\/span><br \/><span style=\"margin: 0px; padding: 0px; outline: none; list-style: none; font-weight: bolder; color: #696969;\"><br \/><\/span><\/div>\n<p>Birikim Te\u015fvik Dan\u0131\u015fmanl\u0131k Sanayi Ticaret Limited \u015eirketi olarak\u00a0<span style=\"color: #696969; font-family: var( --e-global-typography-text-font-family ), Sans-serif; font-size: var( --e-global-typography-text-font-size ); font-style: var( --e-global-typography-text-font-style ); font-weight: var( --e-global-typography-text-font-weight ); letter-spacing: var( --e-global-typography-text-letter-spacing ); text-transform: var( --e-global-typography-text-text-transform ); text-align: var(--text-align); background-color: var( --e-global-color-c696dce );\">\u201cwww.birikimtesvik.com\u201d alan adl\u0131 internet sitemizin (\u201cSite\u201d) siz ziyaret\u00e7ilerimiz taraf\u0131ndan kullan\u0131m\u0131 esnas\u0131nda Veri Sorumlusu s\u0131fat\u0131 ile Ki\u015fisel verilerinizi \u00f6zel hayat\u0131n gizlili\u011fi ve ki\u015filerin temel hak ve \u00f6zg\u00fcrl\u00fcklerinin korunmas\u0131 ilkesine uygun olarak muhafazas\u0131, i\u015flenmesi ve mevzuata uygun olarak aktar\u0131m\u0131 a\u015famalar\u0131nda gerekli \u00f6nlemleri al\u0131yoruz.<\/span><\/p>\n<p><span style=\"color: #696969;\">Ki\u015fisel Verilerin \u0130\u015flenmesi Ayd\u0131nlatma Metnimizi (\u201cAyd\u0131nlatma Metni\u201d) Ki\u015fisel Verilerin Korunmas\u0131 Kanunu (KVKK) ve yasal d\u00fczenlemeler \u00e7er\u00e7evesinde ki\u015fisel verilerinizin i\u015flenmesi, saklanmas\u0131 ve aktar\u0131lmas\u0131na ili\u015fkin veri sahibi ilgili ki\u015fileri bilgilendirmek amac\u0131yla haz\u0131rlad\u0131k. Bu metinde veri sorumlusu olarak bilgilerimize, ki\u015fisel verilerin hangi ama\u00e7la i\u015flenece\u011fi, kimlere ve hangi ama\u00e7la aktar\u0131labilece\u011fine, ki\u015fisel veri toplaman\u0131n y\u00f6ntemi ve hukuki sebebine, KVKK da say\u0131l\u0131 haklar\u0131n\u0131z hakk\u0131nda t\u00fcm bilgiye ula\u015fabilirsiniz.<\/span><\/p>\n<p style=\"margin: 0px 0px 15px; padding: 0px; outline: none; list-style: none; line-height: 1.8; color: #696969;\">Ayd\u0131nlatma Metni i\u00e7erisinde gerekli oldu\u011fu takdirde de\u011fi\u015fiklik yapabiliriz. Yap\u0131lacak de\u011fi\u015fiklikler yay\u0131mlanmas\u0131yla birlikte ge\u00e7erlilik kazanacakt\u0131r.<br style=\"margin: 0px; padding: 0px; outline: none; list-style: none;\" \/>\u00a0<\/p>\n<p style=\"margin: 0px 0px 15px; padding: 0px; outline: none; list-style: none; line-height: 1.8; color: #696969;\"><span style=\"margin: 0px; padding: 0px; outline: none; list-style: none; font-weight: bolder;\">II. Ki\u015fisel Verilerinizi Toplama Y\u00f6ntemimiz, \u0130\u015fleme Ama\u00e7lar\u0131m\u0131z ve Hukuka Uygunluk Sebepleri<\/span><br style=\"margin: 0px; padding: 0px; outline: none; list-style: none;\" \/>\u00a0<\/p>\n<p><\/p>\n<p style=\"margin: 0px 0px 15px; padding: 0px; outline: none; list-style: none; line-height: 1.8; color: #696969;\">Ki\u015fisel verilerinizi taraf\u0131n\u0131zca Site\u2019ye bilgi eklenmesi veya \u015firketimize iletilmesi veya verilen hizmetlerde g\u00f6rsel kay\u0131t al\u0131nmas\u0131 yoluyla toplamaktay\u0131z. Siteyi ziyaret etmi\u015fseniz ayr\u0131ca a\u015fa\u011f\u0131da detayl\u0131 olarak a\u00e7\u0131klanan \u00e7erezler kullan\u0131labilmektedir.\u00a0<span style=\"color: #324a6d;\">Birikim Te\u015fvik Dan\u0131\u015fmanl\u0131k Sanayi Ticaret Limited \u015eirketi<\/span>\u00a0olarak ger\u00e7ekle\u015ftirdi\u011fimiz ticari faaliyetlerimiz \u00e7er\u00e7evesinde ki\u015fisel verilerinizin i\u015flenmesi, saklanmas\u0131 ve aktar\u0131lmas\u0131na ili\u015fkin olarak i\u015fleme ama\u00e7lar\u0131m\u0131z \u015fu \u015fekildedir:<\/p>\n<p style=\"margin: 0px 0px 15px; padding: 0px; outline: none; list-style: none; line-height: 1.8; color: #696969;\">E\u011fitim Ba\u015fvurusu Yap\u0131lmas\u0131: D\u00fczenledi\u011fimiz e\u011fitimlere ba\u015fvuru ve kayd\u0131n\u0131z\u0131 yapabilmek, ad\u0131n\u0131za kat\u0131l\u0131m belgesi d\u00fczenleyebilmek, online e\u011fitimlerde ba\u011flant\u0131 linklerini g\u00f6ndermek, \u00f6deme bilgilerinin iletilmesi ve \u00f6deme i\u015flemlerinin tamamlanmas\u0131 i\u00e7in zorunlu ileti\u015fime ge\u00e7mek amac\u0131yla; ad, soyad, e-posta, telefon numaras\u0131, \u00e7al\u0131\u015f\u0131lan kurum ve mesleki unvan bilgileriniz i\u015flenmektedir. Hukuka uygunluk sebebi ise s\u00f6zle\u015fmenin kurulmas\u0131 veya ifas\u0131yla do\u011frudan do\u011fruya ilgili olmas\u0131d\u0131r.<br style=\"margin: 0px; padding: 0px; outline: none; list-style: none;\" \/>\u00a0<\/p>\n<p style=\"margin: 0px 0px 15px; padding: 0px; outline: none; list-style: none; line-height: 1.8; color: #696969;\">Fatura Bilgilerinin Al\u0131nmas\u0131: Verdi\u011fimiz hizmetler kapsam\u0131nda yasal zorunluluk gere\u011fi fatura kesebilmemiz i\u00e7in ad, soyad, unvan, vergi dairesi, vergi numaras\u0131, adres, e-posta adresi, telefon numaras\u0131 bilgileri al\u0131n\u0131r. Hukuka uygunluk sebebi ise hukuki y\u00fck\u00fcml\u00fcl\u00fc\u011f\u00fcm\u00fcz\u00fcn yerine getirebilmesi i\u00e7in zorunlu olmas\u0131d\u0131r.<br style=\"margin: 0px; padding: 0px; outline: none; list-style: none;\" \/>\u00a0<\/p>\n<p style=\"margin: 0px 0px 15px; padding: 0px; outline: none; list-style: none; line-height: 1.8; color: #696969;\">E\u011fitime \u0130li\u015fkin G\u00f6rsel Kay\u0131tlar: A\u00e7\u0131k r\u0131zan\u0131z olmas\u0131 halinde verdi\u011fimiz hizmet ve e\u011fitimler kapsam\u0131nda kaydedilen ve taraf\u0131n\u0131z\u0131n da yer ald\u0131\u011f\u0131 foto\u011fraf ve video kay\u0131tlar\u0131; hizmet kalite ve standartlar\u0131m\u0131z\u0131n geli\u015ftirilmesi, bilgilendirme ve reklam ama\u00e7lar\u0131 do\u011frultusunda i\u015flenmekte ve Site\u2019nin yan\u0131 s\u0131ra Birikim\u00a0<span style=\"color: #324a6d;\">Te\u015fvik Dan\u0131\u015fmanl\u0131k Sanayi Ticaret Limited \u015eirketi<\/span>\u00a0sosyal medya hesaplar\u0131nda (Facebook, Twitter, Instagram, Linkedin) payla\u015f\u0131lmaktad\u0131r.<br style=\"margin: 0px; padding: 0px; outline: none; list-style: none;\" \/>\u00a0<\/p>\n<p style=\"margin: 0px 0px 15px; padding: 0px; outline: none; list-style: none; line-height: 1.8; color: #696969;\">Ticari Elektronik \u0130leti Kayd\u0131: A\u00e7\u0131k r\u0131zan\u0131z olmas\u0131 halinde, e-posta adresiniz ve telefon numaran\u0131z; reklam, tan\u0131t\u0131m, kampanya, duyuru gibi g\u00fcncellemelerden haberdar edilebilmeniz amac\u0131yla i\u015flenir.<br style=\"margin: 0px; padding: 0px; outline: none; list-style: none;\" \/>\u00a0<\/p>\n<p style=\"margin: 0px 0px 15px; padding: 0px; outline: none; list-style: none; line-height: 1.8; color: #696969;\"><span style=\"margin: 0px; padding: 0px; outline: none; list-style: none; font-weight: bolder;\">III. Veri Sorumlusu, Veri \u0130\u015fleyen, \u0130lgili Ki\u015fi\/Veri Sahibi<\/span><br style=\"margin: 0px; padding: 0px; outline: none; list-style: none;\" \/>\u00a0<\/p>\n<p style=\"margin: 0px 0px 15px; padding: 0px; outline: none; list-style: none; line-height: 1.8; color: #696969;\">\u0130lgili ki\u015fi\/Veri sahibi; herhangi bir ki\u015fisel verisi i\u015flenen ger\u00e7ek ki\u015fileri ifade eder.<br style=\"margin: 0px; padding: 0px; outline: none; list-style: none;\" \/>\u00a0<\/p>\n<p style=\"margin: 0px 0px 15px; padding: 0px; outline: none; list-style: none; line-height: 1.8; color: #696969;\">Veri sorumlusu, ki\u015fisel verilerin i\u015fleme ama\u00e7lar\u0131n\u0131 ve y\u00f6ntemlerini belirleyen, veri kay\u0131t sisteminin kurulmas\u0131ndan ve y\u00f6netilmesinden sorumlu olan ger\u00e7ek veya t\u00fczel ki\u015fidir. Bu noktada Birikim\u00a0<span style=\"color: #324a6d;\">Te\u015fvik Dan\u0131\u015fmanl\u0131k Sanayi Ticaret Limited \u015eirketi<\/span>\u00a0m\u00fc\u015fterilerimiz ve ziyaret\u00e7ilerimizin verileri bak\u0131m\u0131ndan Veri Sorumlusu\u2019dur.<br style=\"margin: 0px; padding: 0px; outline: none; list-style: none;\" \/>\u00a0<\/p>\n<p style=\"margin: 0px 0px 15px; padding: 0px; outline: none; list-style: none; line-height: 1.8; color: #696969;\">Veri i\u015fleyen, veri sorumlusu ad\u0131na verileri i\u015fleyen ger\u00e7ek veya t\u00fczel ki\u015filerdir. Bu ki\u015filer, veri sorumlusunun ki\u015fisel veri i\u015flemek \u00fczere yetkilendirdi\u011fi ayr\u0131 bir ger\u00e7ek veya t\u00fczel ki\u015fi de olabilir.<br style=\"margin: 0px; padding: 0px; outline: none; list-style: none;\" \/>\u00a0<\/p>\n<p style=\"margin: 0px 0px 15px; padding: 0px; outline: none; list-style: none; line-height: 1.8; color: #696969;\">Birikim\u00a0<span style=\"color: #324a6d;\">Te\u015fvik Dan\u0131\u015fmanl\u0131k Sanayi Ticaret Limited \u015eirketi<\/span>\u00a0olarak Site\u2019nin teknik altyap\u0131s\u0131n\u0131n korunmas\u0131, verilen hizmetler kapsam\u0131nda tasar\u0131m, bask\u0131, organizasyon, konaklama vb. hizmetlerin temin edilmesi, bilgi sistemleri g\u00fcvenli\u011finin sa\u011flanmas\u0131 ve ayd\u0131nlatma y\u00fck\u00fcml\u00fcl\u00fc\u011f\u00fcn yerine getirilmesi amac\u0131yla veri i\u015fleyen olarak \u00fc\u00e7\u00fcnc\u00fc taraflar\u0131 yetkilendirebiliriz.<br style=\"margin: 0px; padding: 0px; outline: none; list-style: none;\" \/>\u00a0<\/p>\n<p style=\"margin: 0px 0px 15px; padding: 0px; outline: none; list-style: none; line-height: 1.8; color: #696969;\"><span style=\"margin: 0px; padding: 0px; outline: none; list-style: none; font-weight: bolder;\">IV. Aktar\u0131m Yap\u0131lan Al\u0131c\u0131lar<\/span><br style=\"margin: 0px; padding: 0px; outline: none; list-style: none;\" \/>\u00a0<\/p>\n<p style=\"margin: 0px 0px 15px; padding: 0px; outline: none; list-style: none; line-height: 1.8; color: #696969;\">Ki\u015fisel verileriniz;<\/p>\n<p style=\"margin: 0px 0px 15px; padding: 0px; outline: none; list-style: none; line-height: 1.8; color: #696969;\">\u25cf Verdi\u011fimiz hizmetler kapsam\u0131nda \u00fc\u00e7\u00fcnc\u00fc ki\u015filerden ald\u0131\u011f\u0131m\u0131z tasar\u0131m, bask\u0131, organizasyon, konaklama vb. hizmetlerin temin edilmesi i\u00e7in hizmet sa\u011flayanlara,<\/p>\n<p style=\"margin: 0px 0px 15px; padding: 0px; outline: none; list-style: none; line-height: 1.8; color: #696969;\">\u25cf Site altyap\u0131s\u0131n\u0131 ve teknik bilgi sistemlerinin g\u00fcvenli\u011fini korumak amac\u0131yla internet sitesi altyap\u0131 sa\u011flay\u0131c\u0131lara,<\/p>\n<p style=\"margin: 0px 0px 15px; padding: 0px; outline: none; list-style: none; line-height: 1.8; color: #696969;\">mevzuat h\u00fck\u00fcmlerine ili\u015fkin y\u00fck\u00fcml\u00fcl\u00fcklerimiz gere\u011fi a\u015fa\u011f\u0131daki ama\u00e7lar\u0131n\u0131n yerine getirilmesiyle ba\u011flant\u0131l\u0131, s\u0131n\u0131rl\u0131 ve \u00f6l\u00e7\u00fcl\u00fc bir \u015fekilde aktar\u0131labilecektir. \u0130\u015f ve \u00e7\u00f6z\u00fcm ortaklar\u0131m\u0131z\u0131n da veri g\u00fcvenli\u011fine ili\u015fkin t\u00fcm tedbirleri almas\u0131 \u015fart tutulmaktad\u0131r.<br style=\"margin: 0px; padding: 0px; outline: none; list-style: none;\" \/>\u00a0<\/p>\n<p style=\"margin: 0px 0px 15px; padding: 0px; outline: none; list-style: none; line-height: 1.8; color: #696969;\"><span style=\"margin: 0px; padding: 0px; outline: none; list-style: none; font-weight: bolder;\">V. \u0130lgili Ki\u015finin Haklar\u0131<\/span><br style=\"margin: 0px; padding: 0px; outline: none; list-style: none;\" \/>\u00a0<\/p>\n<p style=\"margin: 0px 0px 15px; padding: 0px; outline: none; list-style: none; line-height: 1.8; color: #696969;\">KVKK, ilgili ki\u015filere hangi ki\u015fisel verilerinin hangi s\u00fcre\u00e7lerde i\u015flendi\u011fine ve bu verilerin mevcut durumlar\u0131na ili\u015fkin talepte bulunma hakk\u0131 vermektedir. KVKK h\u00fck\u00fcmleri uyar\u0131nca, Birikim\u00a0<span style=\"color: #324a6d;\">Te\u015fvik Dan\u0131\u015fmanl\u0131k Sanayi Ticaret Limited \u015eirketi<\/span>\u2019ne ba\u015fvurarak a\u015fa\u011f\u0131daki haklar\u0131n\u0131z\u0131 kullanabilirsiniz:<br style=\"margin: 0px; padding: 0px; outline: none; list-style: none;\" \/>\u00a0<\/p>\n<p style=\"margin: 0px 0px 15px; padding: 0px; outline: none; list-style: none; line-height: 1.8; color: #696969;\">\u25cf Ki\u015fisel veri i\u015flenip i\u015flenmedi\u011fini \u00f6\u011frenme,<\/p>\n<p style=\"margin: 0px 0px 15px; padding: 0px; outline: none; list-style: none; line-height: 1.8; color: #696969;\">\u25cf Ki\u015fisel verileri i\u015flenmi\u015fse buna ili\u015fkin bilgi talep etme,<\/p>\n<p style=\"margin: 0px 0px 15px; padding: 0px; outline: none; list-style: none; line-height: 1.8; color: #696969;\">\u25cf Ki\u015fisel verilerin i\u015flenme amac\u0131n\u0131 ve bunlar\u0131n amac\u0131na uygun kullan\u0131l\u0131p kullan\u0131lmad\u0131\u011f\u0131n\u0131 \u00f6\u011frenme,<\/p>\n<p style=\"margin: 0px 0px 15px; padding: 0px; outline: none; list-style: none; line-height: 1.8; color: #696969;\">\u25cf Yurt i\u00e7inde veya yurt d\u0131\u015f\u0131nda ki\u015fisel verilerin aktar\u0131ld\u0131\u011f\u0131 \u00fc\u00e7\u00fcnc\u00fc ki\u015fileri bilme,<\/p>\n<p style=\"margin: 0px 0px 15px; padding: 0px; outline: none; list-style: none; line-height: 1.8; color: #696969;\">\u25cf Ki\u015fisel verilerin eksik veya yanl\u0131\u015f i\u015flenmi\u015f olmas\u0131 h\u00e2linde bunlar\u0131n d\u00fczeltilmesini isteme,<\/p>\n<p style=\"margin: 0px 0px 15px; padding: 0px; outline: none; list-style: none; line-height: 1.8; color: #696969;\">\u25cf Ki\u015fisel verilerin silinmesini veya yok edilmesini isteme,<\/p>\n<p style=\"margin: 0px 0px 15px; padding: 0px; outline: none; list-style: none; line-height: 1.8; color: #696969;\">\u25cf Ki\u015fisel verilerin d\u00fczeltilmesi, silinmesi ya da yok edilmesi halinde bu i\u015flemlerin ki\u015fisel verilerin aktar\u0131ld\u0131\u011f\u0131 \u00fc\u00e7\u00fcnc\u00fc ki\u015filere bildirilmesini isteme,<\/p>\n<p style=\"margin: 0px 0px 15px; padding: 0px; outline: none; list-style: none; line-height: 1.8; color: #696969;\">\u25cf \u0130\u015flenen verilerin m\u00fcnhas\u0131ran otomatik sistemler vas\u0131tas\u0131yla analiz edilmesi suretiyle ki\u015finin kendisi aleyhine bir sonucun ortaya \u00e7\u0131kmas\u0131na itiraz etme,<\/p>\n<p style=\"margin: 0px 0px 15px; padding: 0px; outline: none; list-style: none; line-height: 1.8; color: #696969;\">\u25cf Ki\u015fisel verilerin kanuna ayk\u0131r\u0131 olarak i\u015flenmesi sebebiyle zarara u\u011framas\u0131 h\u00e2linde zarar\u0131n giderilmesini talep etme.<br style=\"margin: 0px; padding: 0px; outline: none; list-style: none;\" \/>\u00a0<\/p>\n<p style=\"margin: 0px 0px 15px; padding: 0px; outline: none; list-style: none; line-height: 1.8; color: #696969;\">Bu kapsamda iletilen yaz\u0131l\u0131 talepler taraf\u0131m\u0131zca en ge\u00e7 otuz g\u00fcn i\u00e7inde sonu\u00e7land\u0131r\u0131lacakt\u0131r.<br style=\"margin: 0px; padding: 0px; outline: none; list-style: none;\" \/>\u00a0<\/p>\n<p style=\"margin: 0px 0px 15px; padding: 0px; outline: none; list-style: none; line-height: 1.8; color: #696969;\">KVKK\u2019n\u0131n &#8220;Veri Sorumlusuna Ba\u015fvuru&#8221;yu d\u00fczenleyen 13. maddesi uyar\u0131nca, ilgili ki\u015fi\/veri sahibinin Kanun&#8217;un uygulanmas\u0131na ili\u015fkin taleplerini yaz\u0131l\u0131 olarak veri sorumlusuna iletmesi gerekmektedir. Bu nedenle talebinizin de\u011ferlendirilebilmesi i\u00e7in ba\u015fvuru yaz\u0131l\u0131 olarak iletmeniz gerekmektedir. Talepleriniz \u0130\u00e7in Bizimle \u0130leti\u015fime Ge\u00e7mek \u0130sterseniz, ilgili ba\u015fvuru ve taleplerinizi Site\u2019de ve i\u015fbu metnin alt\u0131nda belirtilen e-posta adresimizden veya fiziki adresimize g\u00f6nderece\u011finiz bir dilek\u00e7eyle iletebilirsiniz.<br style=\"margin: 0px; padding: 0px; outline: none; list-style: none;\" \/>\u00a0<\/p>\n<p style=\"margin: 0px 0px 15px; padding: 0px; outline: none; list-style: none; line-height: 1.8; color: #696969;\"><span style=\"margin: 0px; padding: 0px; outline: none; list-style: none; font-weight: bolder;\">VI. Ki\u015fisel Verilerinizin Saklanmas\u0131<\/span><br style=\"margin: 0px; padding: 0px; outline: none; list-style: none;\" \/>\u00a0<\/p>\n<p style=\"margin: 0px 0px 15px; padding: 0px; outline: none; list-style: none; line-height: 1.8; color: #696969;\">Kanunda veya ilgili mevzuatta verinin saklanmas\u0131 i\u00e7in bir s\u00fcre belirlenmi\u015fse, s\u00f6z konusu veri en az bu s\u00fcre kadar saklanmak zorundad\u0131r. Bu s\u00fcrelerden \u00f6nce silinmesini veya imha edilmesini talep etmeniz halinde s\u00f6z konusu talebiniz ger\u00e7ekle\u015ftirilemeyecektir. Mevzuatta herhangi bir s\u00fcre \u00f6ng\u00f6r\u00fclm\u00fcyor ise ki\u015fisel verileriniz me\u015fru bir saklama amac\u0131 bulundu\u011fu s\u00fcre boyunca ve her halukarda kural olarak en fazla 5 y\u0131l s\u00fcre ile s\u0131n\u0131rl\u0131 olmak kayd\u0131yla saklanmaktad\u0131r. Ge\u00e7erli bir sebep ile verilerinizin silinmesine dair talepte bulunman\u0131z halinde ise verileriniz en ge\u00e7 30 g\u00fcn i\u00e7erisinde silinir. Ki\u015fisel verilerin i\u015fleme \u015fartlar\u0131n\u0131n tamam\u0131 ortadan kalkm\u0131\u015f ya da taraf\u0131m\u0131zca beyan edilen veya mevzuat kapsam\u0131nda belirlenen saklama s\u00fcresi dolmu\u015f ise verileriniz en ge\u00e7 6 ay i\u00e7erisinde silinir, yok edilir veya anonim hale getirilir.<br style=\"margin: 0px; padding: 0px; outline: none; list-style: none;\" \/>\u00a0<\/p>\n<p style=\"margin: 0px 0px 15px; padding: 0px; outline: none; list-style: none; line-height: 1.8; color: #696969;\"><span style=\"margin: 0px; padding: 0px; outline: none; list-style: none; font-weight: bolder;\">VII. \u00c7erez Politikas\u0131<\/span><br style=\"margin: 0px; padding: 0px; outline: none; list-style: none;\" \/>\u00a0<\/p>\n<p style=\"margin: 0px 0px 15px; padding: 0px; outline: none; list-style: none; line-height: 1.8; color: #696969;\">Web sitemizi \u015fahsi herhangi bir bilgi vermeden ziyaret edebilir, \u00fcr\u00fcnlerimiz ve servislerimiz hakk\u0131nda bilgi alarak ihtiya\u00e7lar\u0131n\u0131z\u0131 kar\u015f\u0131layabilirsiniz. Ziyaretlerde site kullan\u0131m\u0131na ili\u015fkin bilgi toplamak i\u00e7in baz\u0131 \u00e7erezler kullan\u0131labilmektedir. Buradaki amac\u0131m\u0131z; web sitemizi ziyaret eden kullan\u0131c\u0131ya kolayl\u0131k sa\u011flamak ve i\u015fleyi\u015fi daha iyiye ta\u015f\u0131yabilmektir.<\/p>\n<p style=\"margin: 0px 0px 15px; padding: 0px; outline: none; list-style: none; line-height: 1.8; color: #696969;\">\u00c7erez, bir siteyi ziyaret etti\u011finizde taray\u0131c\u0131n\u0131z arac\u0131l\u0131\u011f\u0131yla bilgisayar\u0131n\u0131za veya mobil cihaz\u0131n\u0131za kaydedilen k\u00fc\u00e7\u00fck boyutlu bir metin dosyas\u0131d\u0131r. \u00c7erezler bir sitenin daha verimli \u00e7al\u0131\u015fmas\u0131n\u0131n yan\u0131 s\u0131ra ki\u015fisel ihtiya\u00e7lar\u0131n\u0131za daha uygun ve h\u0131zl\u0131 bir ziyaret deneyimi ya\u015fatmak i\u00e7in ki\u015fiselle\u015ftirilmi\u015f sayfalar\u0131n sunulabilmesine olanak vermektedir. \u00c7erezler sadece internet ortam\u0131ndaki ziyaret ge\u00e7mi\u015finize dair bilgiler i\u00e7ermekte olup, bilgisayar\u0131n\u0131zda veya mobil cihaz\u0131n\u0131zda depolanm\u0131\u015f dosyalara dair herhangi bir bilgi toplamamaktad\u0131r.<br style=\"margin: 0px; padding: 0px; outline: none; list-style: none;\" \/>\u00a0<\/p>\n<p style=\"margin: 0px 0px 15px; padding: 0px; outline: none; list-style: none; line-height: 1.8; color: #696969;\">Ge\u00e7erlilik s\u00fcrelerine g\u00f6re Kal\u0131c\u0131 \u00c7erez ve Ge\u00e7ici \u00c7erez olarak iki \u00e7erez tipi bulunmaktad\u0131r. Ge\u00e7ici \u00e7erezler internet sitesini ziyaret etti\u011finiz esnada olu\u015fur ve sadece taray\u0131c\u0131n\u0131z\u0131 kapat\u0131ncaya kadar ge\u00e7erlidir. Kal\u0131c\u0131 \u00e7erezler ise internet sitesini ziyaret etti\u011finizde olu\u015fur ve siz silinceye veya s\u00fcreleri doluncaya kadar kal\u0131r. Ayarlar\u0131n\u0131z ile uyumlu ki\u015fiselle\u015ftirilmi\u015f bir deneyim sunma gibi i\u015flemler i\u00e7in kal\u0131c\u0131 \u00e7erezler kullan\u0131l\u0131r. \u00c7erez t\u00fcrleri ve kullan\u0131m ama\u00e7lar\u0131 a\u015fa\u011f\u0131da a\u00e7\u0131klanmaktad\u0131r.<br style=\"margin: 0px; padding: 0px; outline: none; list-style: none;\" \/>\u00a0<\/p>\n<p style=\"margin: 0px 0px 15px; padding: 0px; outline: none; list-style: none; line-height: 1.8; color: #696969;\">Zorunlu \u00c7erezler: Web sitemizin do\u011fru bi\u00e7imde \u00e7al\u0131\u015fmas\u0131 i\u00e7in zorunludur. \u00d6rne\u011fin, kimlik do\u011frulama, mevcut oturumunuz ile ilgili bilgilerin kaybolmamas\u0131 gibi ama\u00e7larla zorunlu \u00e7erezler kullan\u0131lmaktad\u0131r. Bu \u00e7erezler g\u00fcvenlik ve do\u011frulama gibi ama\u00e7lar i\u00e7in kullan\u0131lmakta olup, herhangi bir pazarlama amac\u0131 do\u011frultusunda kullan\u0131lmaz.<br style=\"margin: 0px; padding: 0px; outline: none; list-style: none;\" \/>\u00a0<\/p>\n<p style=\"margin: 0px 0px 15px; padding: 0px; outline: none; list-style: none; line-height: 1.8; color: #696969;\">\u0130\u015flevsellik \u0130\u00e7in Gerekli Olan \u00c7erezler: Web sitemizi ziyaret eden kullan\u0131c\u0131lar\u0131n tercihlerini hat\u0131rlamas\u0131na olanak sa\u011flayan \u00e7erezlerdir. \u00d6rne\u011fin ziyaret\u00e7inin dil tercihi veya metin font boyu se\u00e7iminin hat\u0131rlanmas\u0131n\u0131 sa\u011flar. Bu t\u00fcr \u00e7erezlerin kullan\u0131m\u0131na izin verilmemesi size \u00f6zel bir \u00f6zelli\u011fin kullan\u0131lmamas\u0131na neden olabilir ve tercihlerinizi hat\u0131rlamas\u0131n\u0131 engeller.<br style=\"margin: 0px; padding: 0px; outline: none; list-style: none;\" \/>\u00a0<\/p>\n<p style=\"margin: 0px 0px 15px; padding: 0px; outline: none; list-style: none; line-height: 1.8; color: #696969;\">Performans ve Analiz \u0130\u00e7in Gerekli Olan \u00c7erezler: Web sitemizin geli\u015ftirilmesine yard\u0131mc\u0131 olan \u00e7erezlerdir. Bu t\u00fcr \u00e7erezler, ziyaret\u00e7ilerin site kullan\u0131mlar\u0131 hakk\u0131nda bilgiler toplar, sitenin gerekti\u011fi gibi \u00e7al\u0131\u015f\u0131p \u00e7al\u0131\u015fmad\u0131\u011f\u0131n\u0131n denetiminde ve al\u0131nan hatalar\u0131n tespitinde kullan\u0131l\u0131r.<br style=\"margin: 0px; padding: 0px; outline: none; list-style: none;\" \/>\u00a0<\/p>\n<p style=\"margin: 0px 0px 15px; padding: 0px; outline: none; list-style: none; line-height: 1.8; color: #696969;\">Hedefleme ve Reklam \u00c7erezleri: Bu \u00e7erezler web sitemizde veya sitemiz haricindeki mecralarda \u00fcr\u00fcn ve hizmet tan\u0131t\u0131m\u0131n\u0131 yapmak, size ilgili ve ki\u015fiselle\u015ftirilmi\u015f reklamlar g\u00f6stermek, reklam kampanyalar\u0131n\u0131n etkinli\u011fini \u00f6l\u00e7mek i\u00e7in kullan\u0131l\u0131r.<br style=\"margin: 0px; padding: 0px; outline: none; list-style: none;\" \/>\u00a0<\/p>\n<p style=\"margin: 0px 0px 15px; padding: 0px; outline: none; list-style: none; line-height: 1.8; color: #696969;\">\u00c7erezler, veriler taray\u0131c\u0131lara eri\u015fti\u011finiz cihazlar\u0131n\u0131z arac\u0131l\u0131\u011f\u0131yla toplan\u0131r. Toplanan bu bilgiler cihazlara \u00f6zeldir. \u0130stenildi\u011fi zaman kullan\u0131c\u0131 taraf\u0131ndan silinebilmekte ve bilgilere eri\u015fim kapat\u0131labilmektedir.<br style=\"margin: 0px; padding: 0px; outline: none; list-style: none;\" \/>\u00a0<\/p>\n<p style=\"margin: 0px 0px 15px; padding: 0px; outline: none; list-style: none; line-height: 1.8; color: #696969;\">Bilgisayar\u0131n\u0131zda halihaz\u0131rda bulunan \u00e7erezleri silebilir ve internet gezgininize \u00e7erez kaydedilmesini\/yerle\u015ftirilmesini engelleyebilirsiniz.<br style=\"margin: 0px; padding: 0px; outline: none; list-style: none;\" \/>\u00a0<\/p>\n<p style=\"margin: 0px 0px 15px; padding: 0px; outline: none; list-style: none; line-height: 1.8; color: #696969;\">\u0130nternet taray\u0131c\u0131lar\u0131 \u00e7erezleri otomatik olarak kabul edecek \u015fekilde \u00f6n tan\u0131ml\u0131d\u0131r. \u00c7erezleri y\u00f6netmek taray\u0131c\u0131dan taray\u0131c\u0131ya farkl\u0131l\u0131k g\u00f6sterdi\u011finden ayr\u0131nt\u0131l\u0131 bilgi almak i\u00e7in taray\u0131c\u0131n\u0131n veya uygulaman\u0131n yard\u0131m men\u00fcs\u00fcne bakabilirsiniz.<br style=\"margin: 0px; padding: 0px; outline: none; list-style: none;\" \/>\u00a0<\/p>\n<p style=\"margin: 0px 0px 15px; padding: 0px; outline: none; list-style: none; line-height: 1.8; color: #696969;\">\u00d6rnek olarak, &#8220;Google Chrome -&gt; Ayarlar -&gt; Geli\u015fmi\u015f -&gt; Gizlilik ve G\u00fcvenlik -&gt; Site Ayarlar\u0131 -&gt; \u00c7erezler ve Site Verileri -&gt; Sitelerin \u00e7erez verilerini kaydetmelerine ve okumalar\u0131na izin ver&#8221; se\u00e7ene\u011fi ile y\u00f6netebilirsiniz.<br style=\"margin: 0px; padding: 0px; outline: none; list-style: none;\" \/>\u00a0<\/p>\n<p style=\"margin: 0px 0px 15px; padding: 0px; outline: none; list-style: none; line-height: 1.8; color: #696969;\">\u00c7erezleri silmeyi tercih ederseniz ilgili web sitesindeki tercihleriniz silinecektir. Ayr\u0131ca, \u00e7erezleri tamamen engellemeyi tercih ederseniz site d\u00fczg\u00fcn \u00e7al\u0131\u015fmayabilir.<br style=\"margin: 0px; padding: 0px; outline: none; list-style: none;\" \/>\u00a0<\/p>\n<p style=\"margin: 0px 0px 15px; padding: 0px; outline: none; list-style: none; line-height: 1.8; color: #696969;\"><span style=\"margin: 0px; padding: 0px; outline: none; list-style: none; font-weight: bolder;\">VER\u0130 SORUMLUSU B\u0130LG\u0130LER\u0130:\u00a0<\/span><\/p>\n<p style=\"margin: 0px 0px 15px; padding: 0px; outline: none; list-style: none; line-height: 1.8;\"><span style=\"color: #696969;\">Birikim Te\u015fvik Dan\u0131\u015fmanl\u0131k Sanayi Ticaret Limited \u015eirketi<\/span><\/p>\n<p style=\"margin: 0px 0px 15px; padding: 0px; outline: none; list-style: none; line-height: 1.8;\"><span style=\"color: #696969;\">info@birikimtesvik.com<\/span><\/p>\n<p style=\"margin: 0px 0px 15px; padding: 0px; outline: none; list-style: none; line-height: 1.8;\"><span style=\"color: #696969;\">KONAK MAH. 852 SK. KEMAHLI IS HANI NO: 18 I\u00c7 KAPI NO: Z32 KONAK \/ IZMIR\u00a0 35250<\/span><\/p>\n<p><\/p>\t\t\t\t\t\t\t\t<\/div>\n\t\t\t\t<\/div>\n\t\t\t\t\t<\/div>\n\t\t\t\t<\/div>\n\t\t\t\t<\/div>\n\t\t","protected":false},"excerpt":{"rendered":"<p>Site Kullan\u0131m Ko\u015fullar\u0131: Sevgili ziyaret\u00e7imiz, l\u00fctfen www.birikimtesvik.com web sitemizi ziyaret etmeden \u00f6nce i\u015fbu ayd\u0131nlatma metni, \u00e7erez kullan\u0131m\u0131 ve gizlilik bilgilendirmesini dikkatlice okuyunuz. Siteye eri\u015fiminiz tamamen bu ko\u015fullar\u0131 kabul\u00fcn\u00fcze ve belirlenen \u015fartlara uyman\u0131za ba\u011fl\u0131d\u0131r. \u015eayet burada yazan herhangi bir ko\u015fulu kabul etmiyorsan\u0131z, l\u00fctfen siteye eri\u015fiminizi sonland\u0131r\u0131n\u0131z. Siteye eri\u015fiminizi s\u00fcrd\u00fcrd\u00fc\u011f\u00fcn\u00fcz takdirde, ko\u015fulsuz ve k\u0131s\u0131tlamas\u0131z olarak, i\u015fbu s\u00f6zle\u015fme [&hellip;]<\/p>\n","protected":false},"author":1,"featured_media":0,"parent":0,"menu_order":0,"comment_status":"closed","ping_status":"open","template":"","meta":{"footnotes":""},"class_list":["post-3","page","type-page","status-publish","hentry"],"_links":{"self":[{"href":"https:\/\/birikimtesvik.com\/index.php\/wp-json\/wp\/v2\/pages\/3","targetHints":{"allow":["GET"]}}],"collection":[{"href":"https:\/\/birikimtesvik.com\/index.php\/wp-json\/wp\/v2\/pages"}],"about":[{"href":"https:\/\/birikimtesvik.com\/index.php\/wp-json\/wp\/v2\/types\/page"}],"author":[{"embeddable":true,"href":"https:\/\/birikimtesvik.com\/index.php\/wp-json\/wp\/v2\/users\/1"}],"replies":[{"embeddable":true,"href":"https:\/\/birikimtesvik.com\/index.php\/wp-json\/wp\/v2\/comments?post=3"}],"version-history":[{"count":10,"href":"https:\/\/birikimtesvik.com\/index.php\/wp-json\/wp\/v2\/pages\/3\/revisions"}],"predecessor-version":[{"id":383,"href":"https:\/\/birikimtesvik.com\/index.php\/wp-json\/wp\/v2\/pages\/3\/revisions\/383"}],"wp:attachment":[{"href":"https:\/\/birikimtesvik.com\/index.php\/wp-json\/wp\/v2\/media?parent=3"}],"curies":[{"name":"wp","href":"https:\/\/api.w.org\/{rel}","templated":true}]}}